{"id":850,"date":"2020-05-16T03:17:22","date_gmt":"2020-05-16T01:17:22","guid":{"rendered":"https:\/\/inurritzajubilatuak.eus\/inicio\/"},"modified":"2022-02-06T16:12:48","modified_gmt":"2022-02-06T15:12:48","slug":"inicio","status":"publish","type":"page","link":"https:\/\/inurritzajubilatuak.eus\/es\/","title":{"rendered":"INICIO"},"content":{"rendered":"<p>[et_pb_section fb_built=\u00bb1&#8243; fullwidth=\u00bbon\u00bb _builder_version=\u00bb4.7.4&#8243; background_color=\u00bb#277c79&#8243; width=\u00bb100%\u00bb custom_margin_tablet=\u00bb\u00bb custom_margin_phone=\u00bb\u00bb custom_margin_last_edited=\u00bbon|desktop\u00bb custom_padding=\u00bb164px||0px||false|false\u00bb top_divider_style=\u00bbclouds\u00bb top_divider_color=\u00bb#ffffff\u00bb top_divider_height=\u00bb251px\u00bb top_divider_flip=\u00bbhorizontal\u00bb top_divider_color_tablet=\u00bb\u00bb top_divider_color_phone=\u00bb\u00bb top_divider_color_last_edited=\u00bbon|phone\u00bb top_divider_height_tablet=\u00bb180px\u00bb top_divider_height_phone=\u00bb213px\u00bb top_divider_height_last_edited=\u00bbon|phone\u00bb animation_style=\u00bbfade\u00bb global_colors_info=\u00bb{}\u00bb][et_pb_fullwidth_menu menu_id=\u00bb34&#8243; menu_style=\u00bbcentered\u00bb fullwidth_menu=\u00bbon\u00bb active_link_color=\u00bb#90EE90&#8243; disabled_on=\u00bbon|on|off\u00bb module_id=\u00bb#menua-pc\u00bb _builder_version=\u00bb4.11.4&#8243; menu_text_color=\u00bb#ffffff\u00bb background_color=\u00bbrgba(0,0,0,0)\u00bb custom_margin=\u00bb||||false|false\u00bb motion_trigger_start=\u00bbbottom\u00bb hover_enabled=\u00bb0&#8243; global_colors_info=\u00bb{}\u00bb active_link_color__hover_enabled=\u00bbon|hover\u00bb active_link_color__hover=\u00bb#90EE90&#8243; menu_font_size__hover_enabled=\u00bboff|hover\u00bb menu_font_size__hover=\u00bb14px\u00bb menu_text_color__hover_enabled=\u00bbon|hover\u00bb menu_text_color__hover=\u00bb#90EE90&#8243; sticky_enabled=\u00bb0&#8243;][\/et_pb_fullwidth_menu][et_pb_fullwidth_header title=\u00bbParticipa\u00bb subhead=\u00bbEn un ambiento estupendo\u00bb header_scroll_down=\u00bbon\u00bb scroll_down_icon=\u00bb%%7%%\u00bb scroll_down_icon_color=\u00bbrgba(173,216,130,0.91)\u00bb scroll_down_icon_size=\u00bb100px\u00bb button_one_text=\u00bbHAZTE SOCIO\/A\u00bb button_one_url=\u00bbhttps:\/\/inurritzajubilatuak.eus\/es\/hazte-socio-a\/\u00bb background_overlay_color=\u00bb#277c79&#8243; header_image_url=\u00bbhttps:\/\/inurritzajubilatuak.eus\/wp-content\/uploads\/2022\/02\/inurritza-sarrera-argazkia.jpg\u00bb image_orientation=\u00bbbottom\u00bb scroll_down_icon_tablet=\u00bb\u00bb scroll_down_icon_phone=\u00bb%%7%%\u00bb scroll_down_icon_last_edited=\u00bbon|tablet\u00bb scroll_down_icon_size_tablet=\u00bb\u00bb scroll_down_icon_size_phone=\u00bb0px\u00bb scroll_down_icon_size_last_edited=\u00bbon|phone\u00bb content_tablet=\u00bb<\/p>\n<p style=%22text-align: left;%22>Orgullos@s llevamos nuestras arrugas, aquellas que proceden de los gestos de nuestras vivencias. Somos ejes de nuestras familias, portadores de conocimientos que entrelazar\u00e1n el pasado y el futuro. Y estamos aqu\u00ed, en el lugar d\u00f3nde se encuentran pensamientos e ideas distintas. Ven y comparte con nosotros tu sentir.<\/p>\n<p>&nbsp;<\/p>\n<p style=%22text-align: left;%22><em>Inurritza Jubilatu eta Pentsionisten Elkartea<\/em><\/p>\n<p>\u00bb content_phone=\u00bb<\/p>\n<p style=%22text-align: left;%22>Orgullos@s llevamos nuestras arrugas, aquellas que proceden de los gestos de nuestras vivencias. Somos ejes de nuestras familias, portadores de conocimientos que entrelazar\u00e1n el pasado y el futuro. Y estamos aqu\u00ed, en el lugar d\u00f3nde se encuentran pensamientos e ideas distintas. Ven y comparte con nosotros tu sentir.<\/p>\n<p>&nbsp;<\/p>\n<p style=%22text-align: left;%22><em>I\u00f1urritza Jubilatu eta Pentsionisten Elkartea.<\/em><\/p>\n<p>\u00bb content_last_edited=\u00bbon|tablet\u00bb content_max_width_tablet=\u00bb100%\u00bb content_max_width_phone=\u00bb100%\u00bb content_max_width_last_edited=\u00bbon|desktop\u00bb admin_label=\u00bbFullwidth Header\u00bb _builder_version=\u00bb4.11.4&#8243; title_font=\u00bbRochester||||||||\u00bb title_text_align=\u00bbleft\u00bb title_text_color=\u00bb#ffffff\u00bb title_font_size=\u00bb96px\u00bb title_line_height=\u00bb1.7em\u00bb content_font=\u00bb|300|||||||\u00bb content_text_align=\u00bbleft\u00bb content_font_size=\u00bb18px\u00bb subhead_font=\u00bbRoboto||||||||\u00bb subhead_text_align=\u00bbleft\u00bb subhead_font_size=\u00bb34px\u00bb background_color=\u00bbrgba(10,10,10,0.29)\u00bb background_enable_image=\u00bboff\u00bb custom_button_one=\u00bbon\u00bb button_one_text_size=\u00bb18px\u00bb button_one_text_color=\u00bb#ffffff\u00bb button_one_bg_color=\u00bbrgba(75,237,75,0.33)\u00bb button_one_border_width=\u00bb1px\u00bb button_one_border_color=\u00bb#7cda24&#8243; button_one_border_radius=\u00bb0px\u00bb button_one_letter_spacing=\u00bb7px\u00bb button_one_font=\u00bb|600|||||||\u00bb button_one_icon=\u00bb%%74%%\u00bb button_one_custom_margin=\u00bb|4px|||false|false\u00bb button_one_custom_padding=\u00bb|32px|||false|false\u00bb position_origin_r=\u00bbbottom_right\u00bb vertical_offset=\u00bb75px\u00bb position_origin_a_tablet=\u00bb\u00bb position_origin_a_phone=\u00bb\u00bb position_origin_a_last_edited=\u00bbon|desktop\u00bb position_origin_f_tablet=\u00bb\u00bb position_origin_f_phone=\u00bb\u00bb position_origin_f_last_edited=\u00bbon|desktop\u00bb position_origin_r_tablet=\u00bb\u00bb position_origin_r_phone=\u00bb\u00bb position_origin_r_last_edited=\u00bbon|phone\u00bb width=\u00bb100%\u00bb max_width=\u00bb100%\u00bb min_height=\u00bb932px\u00bb custom_margin=\u00bb0px||||false|false\u00bb custom_margin_tablet=\u00bb-50px||||false|false\u00bb custom_margin_phone=\u00bb-50px|||-16px|false|false\u00bb custom_margin_last_edited=\u00bbon|tablet\u00bb custom_padding_phone=\u00bb|0px|68px|0px|false|false\u00bb custom_padding_last_edited=\u00bboff|tablet\u00bb animation_style=\u00bbfade\u00bb animation_duration=\u00bb1550ms\u00bb scroll_vertical_motion=\u00bb0|52|52|100|4|0|-4&#8243; motion_trigger_start=\u00bbtop\u00bb hover_enabled=\u00bb0&#8243; title_font_size_tablet=\u00bb51px\u00bb title_font_size_phone=\u00bb63px\u00bb title_font_size_last_edited=\u00bbon|phone\u00bb title_letter_spacing_tablet=\u00bb\u00bb title_letter_spacing_phone=\u00bb\u00bb title_letter_spacing_last_edited=\u00bbon|tablet\u00bb content_font_tablet=\u00bb|300|||||||\u00bb content_font_phone=\u00bb|300|||||||\u00bb content_font_last_edited=\u00bbon|desktop\u00bb subhead_font_size_tablet=\u00bb25px\u00bb subhead_font_size_phone=\u00bb22px\u00bb subhead_font_size_last_edited=\u00bbon|phone\u00bb button_one_text_size_tablet=\u00bb24px\u00bb button_one_text_size_phone=\u00bb14px\u00bb button_one_text_size_last_edited=\u00bbon|tablet\u00bb button_one_letter_spacing_tablet=\u00bb\u00bb button_one_letter_spacing_phone=\u00bb4px\u00bb button_one_letter_spacing_last_edited=\u00bbon|phone\u00bb positioning_tablet=\u00bb\u00bb positioning_phone=\u00bb\u00bb positioning_last_edited=\u00bbon|desktop\u00bb custom_css_header_image=\u00bbbackground:#fff;||padding: 1rem;||margin-top:75px;||box-shadow: 0 0.2rem 1.2rem rgba(0,0,0,0.2);||max-width:90%;||height:auto;||transform:rotate(15deg);||||||\u00bb custom_css_title=\u00bb||line-height: normal;||white-space:nowrap;||text-decoration:underline  lightgreen dotted;||\/*text-decoration-skip-ink:none;*\/\u00bb custom_css_content=\u00bbline-height:normal;||padding-top:25px;\u00bb custom_css_scroll_button=\u00bb||\u00bb border_width_all_image=\u00bb0px\u00bb border_style_all_image=\u00bbdotted\u00bb global_colors_info=\u00bb{}\u00bb custom_css_content_last_edited=\u00bbon|desktop\u00bb custom_css_content_tablet=\u00bbline-height: normal;||padding-top:25px;\u00bb custom_css_content_phone=\u00bbline-height:normal;||padding-top:25px;||||\u00bb custom_css_title_last_edited=\u00bbon|tablet\u00bb custom_css_title_tablet=\u00bbline-height:normal;||white-space:nowrap;||text-decoration:underline dotted lightgreen;\u00bb custom_css_title_phone=\u00bb||line-height: normal;||white-space:nowrap;||text-decoration:underline dotted lightgreen ;||||\u00bb custom_css_subtitle_last_edited=\u00bbon|phone\u00bb custom_css_button_1_last_edited=\u00bbon|phone\u00bb custom_css_scroll_button_last_edited=\u00bbon|phone\u00bb custom_css_scroll_button_phone=\u00bbz-index:9000!important\u00bb custom_padding__hover_enabled=\u00bboff|desktop\u00bb custom_css_header_image_last_edited=\u00bbon|desktop\u00bb sticky_enabled=\u00bb0&#8243; alt=\u00bbGiro ederrean partaide izan zaitez\u00bb title_text=\u00bbinurritza-sarrera-argazkia\u00bb custom_css_scroll_button_tablet=\u00bb||\u00bb custom_css_header_image_tablet=\u00bbbackground:#fff;||padding: 1rem;||margin-top:75px;||box-shadow: 0 0.2rem 1.2rem rgba(0,0,0,0.2);||max-width:90%;||height:auto;||transform:rotate(15deg);||||||\u00bb custom_css_header_image_phone=\u00bbbackground:#fff;||padding: 1rem;||margin-top:75px;||box-shadow: 0 0.2rem 1.2rem rgba(0,0,0,0.2);||max-width:90%;||height:auto;||transform:rotate(15deg);||||||\u00bb]<\/p>\n<p>Orgullos@s llevamos nuestras arrugas, aquellas que proceden de los gestos de nuestras vivencias. Somos ejes de nuestras familias, portadores de conocimientos que entrelazar\u00e1n el pasado y el futuro. Y estamos aqu\u00ed, en el lugar d\u00f3nde se encuentran pensamientos e ideas distintas. Ven y comparte con nosotros tu sentir.<\/p>\n<p>&nbsp;<\/p>\n<p>&nbsp;<\/p>\n<p><em>I\u00f1urritza Jubilatu eta Pentsionisten Elkartea.<\/em><\/p>\n<p>&nbsp;<\/p>\n<p>[\/et_pb_fullwidth_header][\/et_pb_section][et_pb_section fb_built=\u00bb1&#8243; prev_background_color=\u00bb#277c79&#8243; _builder_version=\u00bb4.7.4&#8243; custom_padding=\u00bb||0px|||\u00bb top_divider_style=\u00bbcurve2&#8243; bottom_divider_color=\u00bb#D5EFD5&#8243; bottom_divider_height=\u00bb223px\u00bb bottom_divider_repeat=\u00bb0x\u00bb bottom_divider_flip=\u00bbhorizontal\u00bb animation_style=\u00bbfade\u00bb global_colors_info=\u00bb{}\u00bb][et_pb_row _builder_version=\u00bb4.7.4&#8243; custom_padding=\u00bb59px|||||\u00bb global_colors_info=\u00bb{}\u00bb][et_pb_column type=\u00bb4_4&#8243; _builder_version=\u00bb4.4.7&#8243; global_colors_info=\u00bb{}\u00bb][et_pb_text _builder_version=\u00bb4.7.4&#8243; header_font=\u00bbRochester||||||||\u00bb header_font_size=\u00bb68px\u00bb header_font_size_tablet=\u00bb\u00bb header_font_size_phone=\u00bb56px\u00bb header_font_size_last_edited=\u00bbon|desktop\u00bb global_colors_info=\u00bb{}\u00bb]<\/p>\n<h1>\u00bfQuienes somos?<\/h1>\n<p>[\/et_pb_text][et_pb_text _builder_version=\u00bb4.4.7&#8243; text_font=\u00bb|300|||||||\u00bb text_font_size=\u00bb20px\u00bb custom_margin=\u00bb||-3px|||\u00bb custom_padding=\u00bb|0px||||\u00bb global_colors_info=\u00bb{}\u00bb]<\/p>\n<p>Somos <strong>I\u00f1urritza la\u00a0 Asociaci\u00f3n de Jubilados y Pensionistas<\/strong> de Zarautz. Nuestra sede se encuentra en la calle Maria Etxetxiki 12 de Zarautz. El objetivo principal de nuestra asociaci\u00f3n es la de promover una relaci\u00f3n cercana entre los jubilados y los pensionistas en Zarautz y para ello creamos diferentes actividades como pueden ser el bingo, taller de punto, torneos de mus, excursiones, intercambios culturales, conferencias y por supuesto son bienvenidas las nuevas ideas que tienen nuestros socios.<\/p>\n<h3>\u00bfQu\u00e9 ventajas tienes por ser socio?<\/h3>\n<ul>\n<li>Un lugar acogedor d\u00f3nde relizar desayunos, comidas y cenas junto a familiares y amigos<\/li>\n<li>Oportunidades de viajes y excursiones a muy buen precio.<\/li>\n<\/ul>\n<p>&nbsp;<\/p>\n<p>[\/et_pb_text][\/et_pb_column][\/et_pb_row][\/et_pb_section][et_pb_section fb_built=\u00bb1&#8243; _builder_version=\u00bb4.4.7&#8243; min_height=\u00bb514px\u00bb custom_margin=\u00bb1px||-35px|||\u00bb custom_padding=\u00bb0px||0px|||\u00bb top_divider_color=\u00bb#D5EFD5&#8243; top_divider_height=\u00bb241px\u00bb bottom_divider_style=\u00bbwave\u00bb bottom_divider_color=\u00bb#d5efd5&#8243; global_colors_info=\u00bb{}\u00bb][et_pb_row column_structure=\u00bb2_5,3_5&#8243; _builder_version=\u00bb4.4.7&#8243; custom_margin=\u00bb-8px|auto|-4px|auto||\u00bb global_colors_info=\u00bb{}\u00bb][et_pb_column type=\u00bb2_5&#8243; _builder_version=\u00bb4.4.7&#8243; global_colors_info=\u00bb{}\u00bb][et_pb_text _builder_version=\u00bb4.4.7&#8243; text_font=\u00bb|300|||||||\u00bb text_font_size=\u00bb20px\u00bb custom_margin=\u00bb|50px|37px|||\u00bb custom_padding=\u00bb|0px||4px||\u00bb global_colors_info=\u00bb{}\u00bb]<\/p>\n<h3>Servicios que dispone la sociedad<\/h3>\n<p style=\"padding-left: 30px;\"><i class=\"fas fa-coffee\" aria-hidden=\"true\"><\/i>\u00a0 M\u00e1quina de cafe<\/p>\n<p style=\"padding-left: 30px;\"><i class=\"fas fa-utensils\" aria-hidden=\"true\"><\/i>\u00a0 \u00a0Cocina<\/p>\n<p style=\"padding-left: 30px;\"><i class=\"fas fa-newspaper\" aria-hidden=\"true\"><\/i>\u00a0 Peri\u00f3dico<\/p>\n<p style=\"padding-left: 30px;\"><i class=\"fas fa-wifi\" aria-hidden=\"true\"><\/i>\u00a0 Wifi<\/p>\n<p style=\"padding-left: 30px;\"><i class=\"fas fa-fire-alt\" aria-hidden=\"true\"><\/i>\u00a0 \u00a0Calefacci\u00f3n<\/p>\n<p style=\"padding-left: 30px;\"><i class=\"fas fa-tv\" aria-hidden=\"true\"><\/i>\u00a0 Pantalla imagen y sonido<\/p>\n<p>&nbsp;<\/p>\n<p>[\/et_pb_text][\/et_pb_column][et_pb_column type=\u00bb3_5&#8243; _builder_version=\u00bb4.4.7&#8243; global_colors_info=\u00bb{}\u00bb][et_pb_image src=\u00bbhttps:\/\/inurritzajubilatuak.eus\/wp-content\/uploads\/2020\/05\/gure-egoitza-margoa.jpg\u00bb alt=\u00bbI\u00f1urritza Jubilados y Pensionistas de Zarautz\u00bb title_text=\u00bbI\u00f1urritza Jubilados y Pensionistas de Zarautz\u00bb show_in_lightbox=\u00bbon\u00bb src_last_edited=\u00bboff|tablet\u00bb _builder_version=\u00bb4.4.7&#8243; transform_scale_tablet=\u00bb134%|134%\u00bb transform_scale_phone=\u00bb131%|131%\u00bb transform_scale_last_edited=\u00bbon|desktop\u00bb transform_translate_tablet=\u00bb\u00bb transform_translate_phone=\u00bb\u00bb transform_translate_last_edited=\u00bbon|desktop\u00bb transform_rotate_tablet=\u00bb\u00bb transform_rotate_phone=\u00bb\u00bb transform_rotate_last_edited=\u00bbon|desktop\u00bb transform_skew_tablet=\u00bb\u00bb transform_skew_phone=\u00bb\u00bb transform_skew_last_edited=\u00bbon|desktop\u00bb transform_origin_tablet=\u00bb\u00bb transform_origin_phone=\u00bb\u00bb transform_origin_last_edited=\u00bbon|desktop\u00bb transform_styles_last_edited=\u00bbon|desktop\u00bb custom_margin=\u00bb-45px|0px||0px|false|true\u00bb custom_margin_tablet=\u00bb-5px|31px||31px|false|true\u00bb custom_margin_phone=\u00bb-36px|19px||19px|false|true\u00bb custom_margin_last_edited=\u00bbon|phone\u00bb custom_padding=\u00bb|0px||0px|false|true\u00bb animation_style=\u00bbslide\u00bb animation_direction=\u00bbleft\u00bb animation_speed_curve=\u00bbease-out\u00bb transform_styles_tablet=\u00bb\u00bb transform_styles_phone=\u00bb\u00bb border_radii=\u00bbon|4px|4px|4px|4px\u00bb box_shadow_style=\u00bbpreset3&#8243; global_colors_info=\u00bb{}\u00bb][\/et_pb_image][\/et_pb_column][\/et_pb_row][\/et_pb_section][et_pb_section fb_built=\u00bb1&#8243; _builder_version=\u00bb4.4.7&#8243; custom_margin=\u00bb34px|||||\u00bb top_divider_style=\u00bbwave2&#8243; top_divider_color=\u00bb#d5efd5&#8243; top_divider_height=\u00bb385px\u00bb global_colors_info=\u00bb{}\u00bb][et_pb_row _builder_version=\u00bb4.4.7&#8243; global_colors_info=\u00bb{}\u00bb][et_pb_column type=\u00bb4_4&#8243; _builder_version=\u00bb4.4.7&#8243; global_colors_info=\u00bb{}\u00bb][et_pb_text _builder_version=\u00bb4.4.7&#8243; header_font=\u00bbRochester||||||||\u00bb header_font_size=\u00bb68px\u00bb header_font_size_tablet=\u00bb\u00bb header_font_size_phone=\u00bb56px\u00bb header_font_size_last_edited=\u00bbon|desktop\u00bb global_colors_info=\u00bb{}\u00bb]<\/p>\n<h1>Historia<\/h1>\n<p>[\/et_pb_text][\/et_pb_column][\/et_pb_row][et_pb_row column_structure=\u00bb2_5,3_5&#8243; _builder_version=\u00bb4.4.7&#8243; global_colors_info=\u00bb{}\u00bb][et_pb_column type=\u00bb2_5&#8243; _builder_version=\u00bb4.4.7&#8243; global_colors_info=\u00bb{}\u00bb][et_pb_text _builder_version=\u00bb4.4.7&#8243; text_font=\u00bb|300|||||||\u00bb text_font_size=\u00bb20px\u00bb custom_padding=\u00bb3px|2px||||\u00bb global_colors_info=\u00bb{}\u00bb]<\/p>\n<p>En la decada de los 70 el edificio estaba divido en dos plantas. (<i>En la imagen pode\u00eds observar el cuadro pintado por <strong>Mendi<\/strong>, quien siempre ser\u00e1 recordado por nosotros<\/i>) En la parte baja del edificio hab\u00eda una peque\u00f1a bodega y en la parte superior dos escuelas, una para chicos y otra para chicas. Gracias al ayuntamiento de Zarautz y la asociaci\u00f3n de vecinos se puso una cocina.\u00a0 La cocina daba al jard\u00edn que se encontraba en la parte trasera.\u00a0 Bajando unas escaleras se llegaba a la peque\u00f1a y estrecha cocina. Al final de la cocina se ubicaba un espacio en d\u00f3nde trabajaba un peluquero. Se cre\u00f3 un lugar agradable para el encuentro de los ancianos del vecindario. Al tercer d\u00eda de las fiestas de San Pelaio hab\u00eda la buena costumbre del Aperitvo. Durante este almuerzo, la asociaci\u00f3n de vecinos tra\u00eda a dos <em>bertsolaris<\/em> para deleite de todos los all\u00ed congregados. <strong>Numerosos versos fueron escritos en aquellas paredes.<\/strong> Transcurrido un tiempo la asociaci\u00f3n de vecinos pas\u00f3 la batuta a \u00abMutil-ardo\u00bb, quien se hizo cargo de las distintas festividades y actividades del vecindario. Finalmente, dada la mala situaci\u00f3n de la estructura del edificio se decidi\u00f3 demolerlo y construir nuestra actual asociaci\u00f3n. <span style=\"font-size: medium;\"><em>Muchas gracias a Pili Huici y Valent\u00edn Malmasoro\u00a0<\/em>por ser parte de la asociaci\u00f3n de vecinos y guardar en sus recuerdos la historia\u00a0 de nuestro inicio.<\/span><\/p>\n<p>[\/et_pb_text][\/et_pb_column][et_pb_column type=\u00bb3_5&#8243; _builder_version=\u00bb4.4.7&#8243; global_colors_info=\u00bb{}\u00bb][et_pb_image src=\u00bbhttps:\/\/inurritzajubilatuak.eus\/wp-content\/uploads\/2020\/05\/inurritza-mendi-pintura.jpg\u00bb alt=\u00bbEscuela antigua de I\u00f1urritza &#8211; Mendi\u00bb title_text=\u00bbEscuela antigua de I\u00f1urritza &#8211; Mendi\u00bb show_in_lightbox=\u00bbon\u00bb _builder_version=\u00bb4.4.7&#8243; custom_margin=\u00bb6px|||||\u00bb animation_style=\u00bbslide\u00bb animation_direction=\u00bbleft\u00bb border_radii=\u00bbon|4px|4px|4px|4px\u00bb box_shadow_style=\u00bbpreset3&#8243; global_colors_info=\u00bb{}\u00bb][\/et_pb_image][\/et_pb_column][\/et_pb_row][\/et_pb_section][et_pb_section fb_built=\u00bb1&#8243; prev_background_color=\u00bb#ffffff\u00bb _builder_version=\u00bb4.4.7&#8243; background_color=\u00bb#d5efd5&#8243; custom_padding=\u00bb5px|||||\u00bb top_divider_style=\u00bbarrow2&#8243; global_colors_info=\u00bb{}\u00bb][et_pb_row _builder_version=\u00bb4.4.6&#8243; custom_margin=\u00bb|291px||auto||\u00bb custom_padding=\u00bb40px||||false|false\u00bb global_colors_info=\u00bb{}\u00bb][et_pb_column type=\u00bb4_4&#8243; _builder_version=\u00bb4.4.6&#8243; global_colors_info=\u00bb{}\u00bb][\/et_pb_column][\/et_pb_row][\/et_pb_section]<\/p>\n","protected":false},"excerpt":{"rendered":"<p>Orgullos@s llevamos nuestras arrugas, aquellas que proceden de los gestos de nuestras vivencias. Somos ejes de nuestras familias, portadores de conocimientos que entrelazar\u00e1n el pasado y el futuro. Y estamos aqu\u00ed, en el lugar d\u00f3nde se encuentran pensamientos e ideas distintas. Ven y comparte con nosotros tu sentir. &nbsp; &nbsp; I\u00f1urritza Jubilatu eta Pentsionisten Elkartea. [&hellip;]<\/p>\n","protected":false},"author":3,"featured_media":0,"parent":0,"menu_order":0,"comment_status":"closed","ping_status":"closed","template":"","meta":{"_et_pb_use_builder":"on","_et_pb_old_content":"","_et_gb_content_width":"","footnotes":""},"class_list":["post-850","page","type-page","status-publish","hentry"],"_links":{"self":[{"href":"https:\/\/inurritzajubilatuak.eus\/es\/wp-json\/wp\/v2\/pages\/850","targetHints":{"allow":["GET"]}}],"collection":[{"href":"https:\/\/inurritzajubilatuak.eus\/es\/wp-json\/wp\/v2\/pages"}],"about":[{"href":"https:\/\/inurritzajubilatuak.eus\/es\/wp-json\/wp\/v2\/types\/page"}],"author":[{"embeddable":true,"href":"https:\/\/inurritzajubilatuak.eus\/es\/wp-json\/wp\/v2\/users\/3"}],"replies":[{"embeddable":true,"href":"https:\/\/inurritzajubilatuak.eus\/es\/wp-json\/wp\/v2\/comments?post=850"}],"version-history":[{"count":90,"href":"https:\/\/inurritzajubilatuak.eus\/es\/wp-json\/wp\/v2\/pages\/850\/revisions"}],"predecessor-version":[{"id":3824,"href":"https:\/\/inurritzajubilatuak.eus\/es\/wp-json\/wp\/v2\/pages\/850\/revisions\/3824"}],"wp:attachment":[{"href":"https:\/\/inurritzajubilatuak.eus\/es\/wp-json\/wp\/v2\/media?parent=850"}],"curies":[{"name":"wp","href":"https:\/\/api.w.org\/{rel}","templated":true}]}}