{"id":1054,"date":"2020-05-17T02:04:47","date_gmt":"2020-05-17T00:04:47","guid":{"rendered":"https:\/\/inurritzajubilatuak.eus\/aingeru-guarda\/"},"modified":"2022-02-06T17:48:44","modified_gmt":"2022-02-06T16:48:44","slug":"aingeru-guarda","status":"publish","type":"page","link":"https:\/\/inurritzajubilatuak.eus\/es\/aingeru-guarda\/","title":{"rendered":"\u00c1NGEL DE LA GUARDA"},"content":{"rendered":"<p>[et_pb_section fb_built=\u00bb1&#8243; prev_background_color=\u00bb#ffffff\u00bb _builder_version=\u00bb4.7.4&#8243; background_color=\u00bb#e3efe3&#8243; module_alignment=\u00bbcenter\u00bb top_divider_style=\u00bbclouds\u00bb top_divider_height=\u00bb327px\u00bb bottom_divider_style=\u00bbcurve2&#8243; bottom_divider_color=\u00bb#ffffff\u00bb bottom_divider_height=\u00bb339px\u00bb animation_style=\u00bbfade\u00bb module_alignment_tablet=\u00bb\u00bb module_alignment_phone=\u00bb\u00bb module_alignment_last_edited=\u00bbon|phone\u00bb global_colors_info=\u00bb{}\u00bb][et_pb_row disabled_on=\u00bbon|on|off\u00bb _builder_version=\u00bb4.7.4&#8243; background_color=\u00bbrgba(0,0,0,0)\u00bb custom_padding=\u00bb50px|||||\u00bb global_colors_info=\u00bb{}\u00bb][et_pb_column type=\u00bb4_4&#8243; _builder_version=\u00bb4.4.8&#8243; global_colors_info=\u00bb{}\u00bb][et_pb_menu menu_id=\u00bb34&#8243; menu_style=\u00bbcentered\u00bb disabled_on=\u00bbon|on|off\u00bb _builder_version=\u00bb4.7.4&#8243; background_color=\u00bbrgba(0,0,0,0)\u00bb custom_margin=\u00bb||50px|||\u00bb global_colors_info=\u00bb{}\u00bb][\/et_pb_menu][\/et_pb_column][\/et_pb_row][et_pb_row column_structure=\u00bb1_2,1_2&#8243; make_equal=\u00bbon\u00bb _builder_version=\u00bb4.7.4&#8243; width=\u00bb88%\u00bb width_tablet=\u00bb\u00bb width_phone=\u00bb\u00bb width_last_edited=\u00bbon|desktop\u00bb max_width=\u00bbnone\u00bb max_width_tablet=\u00bb\u00bb max_width_phone=\u00bb\u00bb max_width_last_edited=\u00bbon|desktop\u00bb module_alignment=\u00bbcenter\u00bb custom_margin=\u00bb|auto||166px|false|false\u00bb custom_margin_tablet=\u00bb|||0px|false|false\u00bb custom_margin_phone=\u00bb||||false|false\u00bb custom_margin_last_edited=\u00bbon|desktop\u00bb module_alignment_tablet=\u00bbcenter\u00bb module_alignment_phone=\u00bbcenter\u00bb module_alignment_last_edited=\u00bbon|desktop\u00bb global_colors_info=\u00bb{}\u00bb][et_pb_column type=\u00bb1_2&#8243; _builder_version=\u00bb4.0.5&#8243; global_colors_info=\u00bb{}\u00bb][et_pb_text _builder_version=\u00bb4.4.7&#8243; header_font=\u00bbRochester||||||||\u00bb header_font_size=\u00bb68px\u00bb header_font_size_tablet=\u00bb\u00bb header_font_size_phone=\u00bb56px\u00bb header_font_size_last_edited=\u00bbon|desktop\u00bb global_colors_info=\u00bb{}\u00bb]<\/p>\n<h1>\u00c1ngel de la guarda<\/h1>\n<p>[\/et_pb_text][et_pb_text _builder_version=\u00bb4.4.6&#8243; text_font=\u00bb|300|||||||\u00bb text_font_size=\u00bb18px\u00bb custom_margin=\u00bb||45px||false|false\u00bb custom_margin_tablet=\u00bb\u00bb custom_margin_phone=\u00bb\u00bb custom_margin_last_edited=\u00bbon|desktop\u00bb custom_padding=\u00bb|0px||0px||\u00bb global_colors_info=\u00bb{}\u00bb]<\/p>\n<p><span style=\"font-size: xx-large;\">Miradas, sonrisas, danzas, grandes conversaciones, multiples historias&#8230;<\/span> <span style=\"font-size: xx-large;\">Los que est\u00e1mos y los que se han ido, buscadores de alegr\u00eda y felicidad, todos al cobijo de nuestro angel de la guarda&#8230;seremos siempre.<\/span> \u00a0<\/p>\n<p>[\/et_pb_text][et_pb_text _builder_version=\u00bb4.4.6&#8243; text_font=\u00bbAnnie Use Your Telescope||||||||\u00bb text_font_size=\u00bb21px\u00bb header_font=\u00bbOswald|200|||||||\u00bb custom_margin=\u00bb138px||-1px||false|false\u00bb custom_margin_tablet=\u00bb\u00bb custom_margin_phone=\u00bb90px||-1px||false|false\u00bb custom_margin_last_edited=\u00bbon|phone\u00bb custom_padding=\u00bb|0px|0px|0px||\u00bb inline_fonts=\u00bbAlegreya\u00bb global_colors_info=\u00bb{}\u00bb]<\/p>\n<h4><span style=\"text-decoration: underline; font-size: x-large; font-family: inherit; font-weight: normal;\">D\u00eda del \u00c1ngel de la Guarda &#8211; 1 de Marzo<\/span><\/h4>\n<p>[\/et_pb_text][et_pb_text _builder_version=\u00bb4.4.6&#8243; text_font=\u00bb|300|||||||\u00bb text_font_size=\u00bb20px\u00bb custom_margin=\u00bb||37px|||\u00bb custom_padding=\u00bb|0px||||\u00bb global_colors_info=\u00bb{}\u00bb]<\/p>\n<p><span style=\"font-size: x-large;\">Lo jubilados y pensionistas de I\u00f1urritza tenemos un d\u00eda especial. El d\u00eda 1 de Marzo celebramos el d\u00eda del \u00c1ngel de la guarda. Levamos a cabo distintas actividades durante el d\u00eda, homenajes a nuestros miembros de la sociedad, misa, comida, lectura de poemas, cantos, m\u00fasica y danza. <\/span>. \u00a0 \u00a0<\/p>\n<p>[\/et_pb_text][\/et_pb_column][et_pb_column type=\u00bb1_2&#8243; _builder_version=\u00bb4.0.5&#8243; global_colors_info=\u00bb{}\u00bb][et_pb_image src=\u00bbhttps:\/\/inurritzajubilatuak.eus\/wp-content\/uploads\/2020\/05\/1AG7520.jpg\u00bb alt=\u00bb\u00c1ngel de la guarda\u00bb title_text=\u00bb\u00c1ngel de la guarda\u00bb align=\u00bbcenter\u00bb align_tablet=\u00bbcenter\u00bb align_phone=\u00bbcenter\u00bb align_last_edited=\u00bbon|phone\u00bb module_class=\u00bbaingeru-guarda-img\u00bb _builder_version=\u00bb4.14.7&#8243; width=\u00bb72%\u00bb width_tablet=\u00bb\u00bb width_phone=\u00bb\u00bb width_last_edited=\u00bbon|tablet\u00bb min_height_tablet=\u00bb\u00bb min_height_phone=\u00bb\u00bb min_height_last_edited=\u00bbon|phone\u00bb max_height_tablet=\u00bb\u00bb max_height_phone=\u00bb\u00bb max_height_last_edited=\u00bbon|phone\u00bb custom_margin=\u00bb|||31px|false|false\u00bb custom_margin_tablet=\u00bb|||80px|false|false\u00bb custom_margin_phone=\u00bb|||0px|false|false\u00bb custom_margin_last_edited=\u00bbon|desktop\u00bb custom_padding=\u00bb|||0px|false|false\u00bb hover_transition_duration_tablet=\u00bb\u00bb hover_transition_duration_phone=\u00bb\u00bb hover_transition_duration_last_edited=\u00bbon|desktop\u00bb custom_css_main_element=\u00bbbackground:#fff;||padding:1rem;||box-shadow:0 0.2rem 1.2rem rgba(0,0,0,0.2);||max-width:100%;||height:auto;||transform:rotate(15deg);\u00bb global_colors_info=\u00bb{}\u00bb custom_css_main_element_last_edited=\u00bbon|phone\u00bb custom_css_main_element_tablet=\u00bbbackground:#fff;||padding:1rem;||box-shadow:0 0.2rem 1.2rem rgba(0,0,0,0.2);||max-width:100%;||height:auto;||transform:rotate(15deg);\u00bb custom_css_main_element_phone=\u00bbbackground:#fff;||padding:1rem;||box-shadow:0 0.2rem 1.2rem rgba(0,0,0,0.2);||max-width:100%;||height:auto;||transform:rotate(15deg);\u00bb][\/et_pb_image][\/et_pb_column][\/et_pb_row][\/et_pb_section][et_pb_section fb_built=\u00bb1&#8243; _builder_version=\u00bb4.4.7&#8243; global_colors_info=\u00bb{}\u00bb custom_padding=\u00bb3px|||||\u00bb][et_pb_row column_structure=\u00bb1_2,1_2&#8243; make_equal=\u00bbon\u00bb _builder_version=\u00bb4.7.4&#8243; width_tablet=\u00bb\u00bb width_phone=\u00bb\u00bb width_last_edited=\u00bbon|tablet\u00bb module_alignment=\u00bbcenter\u00bb custom_margin=\u00bb|auto||287px||\u00bb global_colors_info=\u00bb{}\u00bb][et_pb_column type=\u00bb1_2&#8243; _builder_version=\u00bb4.7.4&#8243; global_colors_info=\u00bb{}\u00bb][et_pb_text _builder_version=\u00bb4.7.4&#8243; text_font=\u00bbAnnie Use Your Telescope||||||||\u00bb text_font_size=\u00bb21px\u00bb header_font=\u00bbOswald|200|||||||\u00bb custom_margin=\u00bb1px||-1px||false|false\u00bb custom_margin_tablet=\u00bb\u00bb custom_margin_phone=\u00bb1px||-1px||false|false\u00bb custom_margin_last_edited=\u00bbon|phone\u00bb custom_padding=\u00bb|0px|0px|0px||\u00bb inline_fonts=\u00bbAlegreya\u00bb global_colors_info=\u00bb{}\u00bb]<\/p>\n<h4><span style=\"text-decoration: underline; font-size: x-large; font-family: inherit; font-weight: normal;\">Menci\u00f3n especial<\/span><\/h4>\n<p>[\/et_pb_text][et_pb_text _builder_version=\u00bb4.7.4&#8243; text_font=\u00bb|300|||||||\u00bb text_font_size=\u00bb20px\u00bb custom_margin=\u00bb||37px|||\u00bb custom_padding=\u00bb|0px||||\u00bb global_colors_info=\u00bb{}\u00bb]<\/p>\n<p><span style=\"font-size: x-large;\">A trav\u00e9s de estas l\u00edneas hacemos una menci\u00f3n especial. Queremos agradecer a Xabier Ega\u00f1a por su contribuci\u00f3n al crear la nueva imagen de nuestro \u00c1ngel de la guarda.\u00a0<\/span> <span style=\"font-size: x-large;\">Xabier es miembro de los jubilados y pensionistas de I\u00f1urritza. Estamos encantados de poder tener su obra en nuestra casa.<\/span> <span style=\"font-size: x-large;\">Tanto en nuestra asociaci\u00f3n, como en la iglesia de San Pelaio y en el contramuro de la Ikastola Salbatore Mitxelena est\u00e1n expuestas algunas de las obras de Xabier.<\/span> <em><span style=\"font-size: x-large;\">\u00a1Gracias Xabier!<\/span><\/em> \u00a0 \u00a0<\/p>\n<p>[\/et_pb_text][\/et_pb_column][et_pb_column type=\u00bb1_2&#8243; _builder_version=\u00bb4.4.7&#8243; global_colors_info=\u00bb{}\u00bb][et_pb_slider show_image_video_mobile=\u00bbon\u00bb _builder_version=\u00bb4.9.0&#8243; header_level=\u00bbh1&#8243; header_font=\u00bb|300|||||||\u00bb header_font_size=\u00bb19px\u00bb transform_scale_tablet=\u00bb\u00bb transform_scale_phone=\u00bb\u00bb transform_scale_last_edited=\u00bbon|phone\u00bb transform_translate_tablet=\u00bb\u00bb transform_translate_phone=\u00bb\u00bb transform_translate_last_edited=\u00bbon|phone\u00bb transform_rotate_tablet=\u00bb\u00bb transform_rotate_phone=\u00bb\u00bb transform_rotate_last_edited=\u00bbon|phone\u00bb transform_skew_tablet=\u00bb\u00bb transform_skew_phone=\u00bb\u00bb transform_skew_last_edited=\u00bbon|phone\u00bb transform_origin_tablet=\u00bb\u00bb transform_origin_phone=\u00bb\u00bb transform_origin_last_edited=\u00bbon|phone\u00bb transform_styles_last_edited=\u00bbon|phone\u00bb width_tablet=\u00bb\u00bb width_phone=\u00bb\u00bb width_last_edited=\u00bbon|phone\u00bb module_alignment=\u00bbcenter\u00bb content_width_tablet=\u00bb\u00bb content_width_phone=\u00bb100%\u00bb content_width_last_edited=\u00bbon|desktop\u00bb content_max_width_tablet=\u00bb\u00bb content_max_width_phone=\u00bb\u00bb content_max_width_last_edited=\u00bbon|phone\u00bb min_height_tablet=\u00bb\u00bb min_height_phone=\u00bb\u00bb min_height_last_edited=\u00bbon|phone\u00bb height_tablet=\u00bb307px\u00bb height_phone=\u00bb\u00bb height_last_edited=\u00bbon|phone\u00bb max_height_tablet=\u00bb\u00bb max_height_phone=\u00bb\u00bb max_height_last_edited=\u00bbon|phone\u00bb custom_margin_tablet=\u00bb\u00bb custom_margin_phone=\u00bb\u00bb custom_margin_last_edited=\u00bbon|phone\u00bb custom_padding=\u00bb|0px||0px|false|false\u00bb custom_padding_tablet=\u00bb45px||100px||false|false\u00bb custom_padding_phone=\u00bb35px||61px||false|false\u00bb custom_padding_last_edited=\u00bbon|desktop\u00bb header_font_size_tablet=\u00bb\u00bb header_font_size_phone=\u00bb14px\u00bb header_font_size_last_edited=\u00bbon|desktop\u00bb header_line_height_tablet=\u00bb\u00bb header_line_height_phone=\u00bb1.5em\u00bb header_line_height_last_edited=\u00bbon|phone\u00bb transform_styles_tablet=\u00bb\u00bb transform_styles_phone=\u00bb\u00bb border_width_all=\u00bb0px\u00bb border_style_all=\u00bbridge\u00bb border_radii_image=\u00bbon|3px|3px|3px|3px\u00bb border_radii_image_tablet=\u00bb\u00bb border_radii_image_phone=\u00bb\u00bb border_radii_image_last_edited=\u00bbon|desktop\u00bb border_width_all_image_tablet=\u00bb\u00bb border_width_all_image_phone=\u00bb\u00bb border_width_all_image_last_edited=\u00bbon|phone\u00bb global_colors_info=\u00bb{}\u00bb][et_pb_slide heading=\u00bbXabier Ega\u00f1a\u00bb image_tablet=\u00bb\u00bb image_phone=\u00bb\u00bb image_last_edited=\u00bbon|tablet\u00bb _builder_version=\u00bb4.7.4&#8243; transform_scale_tablet=\u00bb\u00bb transform_scale_phone=\u00bb\u00bb transform_scale_last_edited=\u00bbon|phone\u00bb transform_translate_tablet=\u00bb\u00bb transform_translate_phone=\u00bb\u00bb transform_translate_last_edited=\u00bbon|phone\u00bb transform_rotate_tablet=\u00bb\u00bb transform_rotate_phone=\u00bb\u00bb transform_rotate_last_edited=\u00bbon|phone\u00bb transform_skew_tablet=\u00bb\u00bb transform_skew_phone=\u00bb\u00bb transform_skew_last_edited=\u00bbon|phone\u00bb transform_origin_tablet=\u00bb\u00bb transform_origin_phone=\u00bb\u00bb transform_origin_last_edited=\u00bbon|phone\u00bb transform_styles_last_edited=\u00bbon|phone\u00bb custom_padding_tablet=\u00bb\u00bb custom_padding_phone=\u00bb0px||||false|false\u00bb custom_padding_last_edited=\u00bbon|phone\u00bb transform_styles_tablet=\u00bb\u00bb transform_styles_phone=\u00bb\u00bb border_radii_image_tablet=\u00bb\u00bb border_radii_image_phone=\u00bb\u00bb border_radii_image_last_edited=\u00bbon|phone\u00bb global_colors_info=\u00bb{}\u00bb sticky_transition=\u00bbon\u00bb]<\/p>\n<p>&nbsp;<\/p>\n<p><img loading=\"lazy\" decoding=\"async\" class=\"wp-image-2113 size-medium\" style=\"display: block; margin-left: auto; margin-right: auto;\" src=\"https:\/\/inurritzajubilatuak.eus\/wp-content\/uploads\/2020\/06\/xabier-egana-300x225.jpg\" alt=\"Xabier Ega\u00f1a\" width=\"300\" height=\"225\" srcset=\"https:\/\/inurritzajubilatuak.eus\/wp-content\/uploads\/2020\/06\/xabier-egana-300x225.jpg 300w, https:\/\/inurritzajubilatuak.eus\/wp-content\/uploads\/2020\/06\/xabier-egana.jpg 480w\" sizes=\"(max-width: 300px) 100vw, 300px\" \/><\/p>\n<p>[\/et_pb_slide][et_pb_slide heading=\u00bbEn la iglesia de San Pelaio\u00bb _builder_version=\u00bb4.9.0&#8243; global_colors_info=\u00bb{}\u00bb sticky_transition=\u00bbon\u00bb]<\/p>\n<p>&nbsp;<\/p>\n<p><img loading=\"lazy\" decoding=\"async\" class=\"wp-image-2025 alignnone size-medium\" src=\"https:\/\/inurritzajubilatuak.eus\/wp-content\/uploads\/2020\/06\/1AG7392-300x200.jpg\" alt=\"San Pelaioko eliza\" width=\"300\" height=\"200\" \/><\/p>\n<p>[\/et_pb_slide][et_pb_slide heading=\u00bbContramuro de Salbatore Mitxelena ikastola\u00bb _builder_version=\u00bb4.7.4&#8243; global_colors_info=\u00bb{}\u00bb sticky_transition=\u00bbon\u00bb]<\/p>\n<p>&nbsp;<\/p>\n<p><img loading=\"lazy\" decoding=\"async\" class=\"wp-image-1959 alignnone size-medium\" src=\"https:\/\/inurritzajubilatuak.eus\/wp-content\/uploads\/2020\/06\/1AG7042-300x200.jpg\" alt=\"Xabier Ega\u00f1aren lana - Salbatore Mitxelena ikastolako kontrako horman\" width=\"300\" height=\"200\" \/><\/p>\n<p>[\/et_pb_slide][\/et_pb_slider][\/et_pb_column][\/et_pb_row][\/et_pb_section][et_pb_section fb_built=\u00bb1&#8243; _builder_version=\u00bb4.4.6&#8243; background_color=\u00bb#e3efe3&#8243; module_alignment=\u00bbcenter\u00bb top_divider_style=\u00bbcurve2&#8243; top_divider_color=\u00bb#ffffff\u00bb top_divider_height=\u00bb59px\u00bb bottom_divider_style=\u00bbarrow2&#8243; bottom_divider_color=\u00bb#277C79&#8243; global_colors_info=\u00bb{}\u00bb][et_pb_row _builder_version=\u00bb4.4.6&#8243; module_alignment=\u00bbcenter\u00bb custom_margin=\u00bb|auto||200px|false|false\u00bb custom_margin_tablet=\u00bb|auto||32px|false|false\u00bb custom_margin_phone=\u00bb|-5px|||false|false\u00bb custom_margin_last_edited=\u00bbon|phone\u00bb custom_padding=\u00bb2px|||||\u00bb module_alignment_tablet=\u00bbcenter\u00bb module_alignment_phone=\u00bbcenter\u00bb module_alignment_last_edited=\u00bbon|phone\u00bb global_colors_info=\u00bb{}\u00bb][et_pb_column type=\u00bb4_4&#8243; _builder_version=\u00bb4.4.6&#8243; global_colors_info=\u00bb{}\u00bb]<\/p>\n<p>[et_pb_gallery gallery_ids=\u00bb2031,2041,2043,2003,2039,2005,2009,2013,1981,1979,1983,1993,1997,1991,2001,1989,1995,2007,1977,1955,1957,1965,1967,1969,1971,1985,1987,1999,2011,2015,2017,2019,2033,2035,2047,2049,2051,2053,2037,1953,2055,2023,2057,2059,2061,2063,2065,2067,2069,2071,2083,2073,2075,2077,2079,2081,2085,2087,2089,2093,2095,2097,2099,2025,2021,2134,2136,2138&#8243; posts_number=\u00bb12&#8243; show_title_and_caption=\u00bboff\u00bb hover_icon=\u00bb%%51%%\u00bb _builder_version=\u00bb4.4.7&#8243; width=\u00bb100%\u00bb module_alignment=\u00bbleft\u00bb custom_margin=\u00bb62px|0px|62px|0px|true|true\u00bb custom_padding=\u00bb0px|0px|0px|0px|true|true\u00bb hover_enabled=\u00bb0&#8243; border_radii=\u00bbon|4px|4px|4px|4px\u00bb border_style_all=\u00bbnone\u00bb][\/et_pb_gallery]<\/p>\n<p>[\/et_pb_column][\/et_pb_row][\/et_pb_section]<\/p>\n","protected":false},"excerpt":{"rendered":"<p>\u00c1ngel de la guardaMiradas, sonrisas, danzas, grandes conversaciones, multiples historias&#8230; Los que est\u00e1mos y los que se han ido, buscadores de alegr\u00eda y felicidad, todos al cobijo de nuestro angel de la guarda&#8230;seremos siempre. \u00a0D\u00eda del \u00c1ngel de la Guarda &#8211; 1 de MarzoLo jubilados y pensionistas de I\u00f1urritza tenemos un d\u00eda especial. El d\u00eda [&hellip;]<\/p>\n","protected":false},"author":3,"featured_media":0,"parent":0,"menu_order":0,"comment_status":"closed","ping_status":"closed","template":"","meta":{"_et_pb_use_builder":"on","_et_pb_old_content":"","_et_gb_content_width":"","footnotes":""},"class_list":["post-1054","page","type-page","status-publish","hentry"],"_links":{"self":[{"href":"https:\/\/inurritzajubilatuak.eus\/es\/wp-json\/wp\/v2\/pages\/1054","targetHints":{"allow":["GET"]}}],"collection":[{"href":"https:\/\/inurritzajubilatuak.eus\/es\/wp-json\/wp\/v2\/pages"}],"about":[{"href":"https:\/\/inurritzajubilatuak.eus\/es\/wp-json\/wp\/v2\/types\/page"}],"author":[{"embeddable":true,"href":"https:\/\/inurritzajubilatuak.eus\/es\/wp-json\/wp\/v2\/users\/3"}],"replies":[{"embeddable":true,"href":"https:\/\/inurritzajubilatuak.eus\/es\/wp-json\/wp\/v2\/comments?post=1054"}],"version-history":[{"count":100,"href":"https:\/\/inurritzajubilatuak.eus\/es\/wp-json\/wp\/v2\/pages\/1054\/revisions"}],"predecessor-version":[{"id":3846,"href":"https:\/\/inurritzajubilatuak.eus\/es\/wp-json\/wp\/v2\/pages\/1054\/revisions\/3846"}],"wp:attachment":[{"href":"https:\/\/inurritzajubilatuak.eus\/es\/wp-json\/wp\/v2\/media?parent=1054"}],"curies":[{"name":"wp","href":"https:\/\/api.w.org\/{rel}","templated":true}]}}